{"id":5070,"date":"2024-06-05T13:30:05","date_gmt":"2024-06-05T16:30:05","guid":{"rendered":"https:\/\/www.clayss.org\/materiales-20-seminario\/"},"modified":"2024-07-25T02:49:07","modified_gmt":"2024-07-25T05:49:07","slug":"materials-20-th","status":"publish","type":"page","link":"https:\/\/www.clayss.org\/en\/materials-20-th\/","title":{"rendered":"materials 20 th"},"content":{"rendered":"<div class=\"row row-collapse row-full-width align-equal\"  id=\"row-730890402\">\n\n\t<div id=\"col-141469690\" class=\"col medium-8 small-12 large-8\"  >\n\t\t\t\t<div class=\"col-inner\"  >\n\t\t\t\n\t\t\t\n\n  <div class=\"banner has-hover\" id=\"banner-978778607\">\n          <div class=\"banner-inner fill\">\n        <div class=\"banner-bg fill\" >\n            <img loading=\"lazy\" decoding=\"async\" width=\"1020\" height=\"401\" src=\"https:\/\/www.clayss.org\/wp-content\/uploads\/2024\/02\/20-1024x403.jpg\" class=\"bg attachment-large size-large\" alt=\"\" \/>                                    \n                    <\/div>\n\t\t\n        <div class=\"banner-layers container\">\n            <div class=\"fill banner-link\"><\/div>            \n        <\/div>\n      <\/div>\n\n            \n<style>\n#banner-978778607 {\n  padding-top: 65%;\n  background-color: rgb(242, 145, 0);\n}\n@media (min-width:550px) {\n  #banner-978778607 {\n    padding-top: 500px;\n  }\n}\n<\/style>\n  <\/div>\n\n\n\t\t<\/div>\n\t\t\t\t\t<\/div>\n\n\t\n\n\t<div id=\"col-1050932953\" class=\"col medium-4 small-12 large-4\"  >\n\t\t\t\t<div class=\"col-inner\" style=\"background-color:rgb(242, 145, 0);\" >\n\t\t\t\n\t\t\t\n<div class=\"row row-collapse row-full-width align-equal\"  id=\"row-1112433272\">\n\n\n\t<div id=\"col-1976805889\" class=\"col small-12 large-12\"  >\n\t\t\t\t<div class=\"col-inner dark\" style=\"background-color:rgb(242, 145, 0);\" >\n\t\t\t\n\t\t\t\n\n<h2>Previous Conferences materials<\/h2>\n\t<div id=\"gap-838359849\" class=\"gap-element clearfix\" style=\"display:block; height:auto;\">\n\t\t\n<style>\n#gap-838359849 {\n  padding-top: 10%;\n}\n<\/style>\n\t<\/div>\n\t\n\n\t<div class=\"ux-menu stack stack-col justify-start ux-menu--divider-solid\">\n\t\t\n\n\t<div class=\"ux-menu-link flex menu-item menuflecha\">\n\t\t<a class=\"ux-menu-link__link flex\" href=\"https:\/\/seminario.clayss.org\/2024\/en\/\" target=\"_blank\" rel=\"noopener\">\n\t\t\t<i class=\"ux-menu-link__icon text-center icon-angle-right\" aria-hidden=\"true\"><\/i>\t\t\t<span class=\"ux-menu-link__text\">\n\t\t\t\tInternational Service-Learning Conference\t\t\t<\/span>\n\t\t<\/a>\n\t<\/div>\n\t\n\n\t<div class=\"ux-menu-link flex menu-item menuflecha\">\n\t\t<a class=\"ux-menu-link__link flex\" href=\"https:\/\/www.clayss.org\/en\/previous-conferences-materials\/\" >\n\t\t\t<i class=\"ux-menu-link__icon text-center icon-angle-right\" aria-hidden=\"true\"><\/i>\t\t\t<span class=\"ux-menu-link__text\">\n\t\t\t\tPrevious Conferences Materials\t\t\t<\/span>\n\t\t<\/a>\n\t<\/div>\n\t\n\n\t<div class=\"ux-menu-link flex menu-item menuflecha\">\n\t\t<a class=\"ux-menu-link__link flex\" href=\"https:\/\/www.clayss.org\/archivos-del-ministerio-de-educacion\/\" target=\"_blank\" rel=\"noopener\">\n\t\t\t<i class=\"ux-menu-link__icon text-center icon-angle-right\" aria-hidden=\"true\"><\/i>\t\t\t<span class=\"ux-menu-link__text\">\n\t\t\t\tProceedings of past International Service-Learning Conferences\t\t\t<\/span>\n\t\t<\/a>\n\t<\/div>\n\t\n\n\n\t<\/div>\n\t\n\n\t\t<\/div>\n\t\t\t\t\n<style>\n#col-1976805889 > .col-inner {\n  padding: 30px 30px 30px 30px;\n  margin: 0px 0px 0px 0px;\n}\n<\/style>\n\t<\/div>\n\n\t\n\n\n<style>\n#row-1112433272 > .col > .col-inner {\n  background-color: rgb(248, 177, 51);\n}\n<\/style>\n<\/div>\n\t\t<\/div>\n\t\t\t\t\t<\/div>\n\n\t\n<\/div>\n<div class=\"row align-equal\"  id=\"row-1326743635\">\n\n\t<div id=\"col-909546402\" class=\"col small-12 large-12\"  >\n\t\t\t\t<div class=\"col-inner\"  >\n\t\t\t\n\t\t\t\n<span class=\"scroll-to\" data-label=\"Scroll to: #publicaciones-academicas\" data-bullet=\"false\" data-link=\"#publicaciones-academicas\" data-title=\"Publicaciones academicas\"><a name=\"publicaciones-academicas\"><\/a><\/span>\n\t<div id=\"text-3941651291\" class=\"text titulo\">\n\t\t\n<p style=\"margin: 0;\"><span style=\"font-family: 'Montserrat'; margin: 0;\">20th International Service-Learning Conference<\/p>\n\t\t\n<style>\n#text-3941651291 {\n  font-size: 1.5rem;\n  line-height: 1.25;\n  text-align: center;\n  color: #bd1622;\n}\n#text-3941651291 > * {\n  color: #bd1622;\n}\n@media (min-width:550px) {\n  #text-3941651291 {\n    font-size: 1.95rem;\n  }\n}\n<\/style>\n\t<\/div>\n\t\n<div class=\"is-divider divider clearfix\" style=\"margin-top:0px;margin-bottom:0px;max-width:100%;background-color:rgb(167, 51, 54);\"><\/div>\n\t<div id=\"gap-1893654103\" class=\"gap-element clearfix\" style=\"display:block; height:auto;\">\n\t\t\n<style>\n#gap-1893654103 {\n  padding-top: 30px;\n}\n<\/style>\n\t<\/div>\n\t\n<div class=\"row\"  id=\"row-1939519560\">\n\n\t<div id=\"col-361480862\" class=\"col medium-6 small-12 large-6\"  >\n\t\t\t\t<div class=\"col-inner\"  >\n\t\t\t\n\t\t\t\n<div class=\"pricing-table-wrapper\">\n  <div class=\"pricing-table ux_price_table text-center box-shadow-3-hover\">\n    <div class=\"pricing-table-header\">\n      <div class=\"title uppercase strong\">AGENDA<\/div>\n      <div class=\"price is-xxlarge\">2017<\/div>\n              <div class=\"description is-small\">\n          Agenda completa del 20\u00b0 Seminario        <\/div>\n          <\/div>\n    <div class=\"pricing-table-items items\">\n      \n    <\/div>\n      <\/div>\n<\/div>\n\n\n<div class=\"pricing-table-wrapper\">\n  <div class=\"pricing-table ux_price_table text-center box-shadow-3-hover\">\n    <div class=\"pricing-table-header\">\n      <div class=\"title uppercase strong\">JUEVES<\/div>\n      <div class=\"price is-xxlarge\">24 de Agosto<\/div>\n          <\/div>\n    <div class=\"pricing-table-items items\">\n      \n<div class=\"bullet-item\" title=\"\"><span class=\"text\">PLENARIO: Palabras de bienvenida<\/span><\/div>\n<a href=\"https:\/\/www.clayss.org.ar\/seminario\/anteriores\/20_sem_materiales_17\/J24-m_bienvenida_AH.pdf\" target=\"_blank\" class=\"button alert is-link is-small lowercase\" rel=\"noopener\" >\n\t\t<span>Dra. Ing. Agr. Mar\u00eda Alejandra Herrero, Presidenta, CLAYSS.<\/span>\n\t<\/a>\n\n<div class=\"bullet-item\" title=\"\"><span class=\"text\">PLENARIO: Un balance a los 20 a\u00f1os: Aportes del aprendizaje-servicio solidario a una educaci\u00f3n inclusiva y de calidad.<\/span><\/div>\n<a href=\"https:\/\/www.clayss.org.ar\/seminario\/anteriores\/20_sem_materiales_17\/J24-m_intro_panel.pdf\" target=\"_blank\" class=\"button alert is-link is-small lowercase\" rel=\"noopener\" >\n\t\t<span>Modera: Prof. Mar\u00eda Nieves Tapia, Directora, CLAYSS.<\/span>\n\t<\/a>\n\n<a href=\"https:\/\/youtu.be\/pR0FN3jrtH0\" target=\"_blank\" class=\"button alert is-link is-small lowercase\" rel=\"noopener\" >\n\t\t<span>Lic. Daniel Filmus, Parlamentario MERCOSUR. (video)<\/span>\n\t<\/a>\n\n<a href=\"https:\/\/youtu.be\/6sobM4Ww-fQ\" target=\"_blank\" class=\"button alert is-link is-small lowercase\" rel=\"noopener\" >\n\t\t<span>Lic. Hugo Alberto Labate, Director de Dise\u00f1o de Aprendizajes, Ministerio de Educaci\u00f3n de la Rep\u00fablica Argentina. (video)<\/span>\n\t<\/a>\n\n<div class=\"bullet-item\" title=\"\"><span class=\"text\">Aprendizaje-servicio solidario: innovaci\u00f3n y tradici\u00f3n educativa en Am\u00e9rica Latina y el mundo.<\/span><\/div>\n<a href=\"https:\/\/www.clayss.org.ar\/seminario\/anteriores\/20_sem_materiales_17\/J24-m_NT_FINAL.pdf\" target=\"_blank\" class=\"button alert is-link is-small lowercase\" rel=\"noopener\" >\n\t\t<span>Prof. Mar\u00eda Nieves Tapia, Directora, CLAYSS.<\/span>\n\t<\/a>\n\n<a href=\"https:\/\/www.youtube.com\/watch?v=MtE_HV4ef6Q&#038;list=PLOHLq86FFE84e-OlcPFzlstg8Mu25r1cV\" target=\"_blank\" class=\"button alert is-link is-small lowercase\" rel=\"noopener\" >\n\t\t<span>Prof. Mar\u00eda Nieves Tapia, Directora, CLAYSS. (video)<\/span>\n\t<\/a>\n\n<div class=\"bullet-item\" title=\"\"><span class=\"text\">SESIONES SIMULT\u00c1NEAS<\/span><\/div>\n<div class=\"bullet-item\" title=\"\"><span class=\"text\">TALLER: C\u00f3mo iniciar un proyecto de aprendizaje-servicio solidario en la escuela (Inicial, Primaria y Secundaria) y la Educaci\u00f3n Superior.<\/span><\/div>\n<a href=\"https:\/\/www.clayss.org.ar\/seminario\/anteriores\/20_sem_materiales_17\/J24-t_01_Taller-Como-iniciar.pdf\" target=\"_blank\" class=\"button alert is-link is-small lowercase\" rel=\"noopener\" >\n\t\t<span>Coordinan: Isabel Hevia (CLAYSS), Paula Maidana (CLAYSS), Ana Scala (CLAYSS Sede Uruguay).<\/span>\n\t<\/a>\n\n<div class=\"bullet-item\" title=\"\"><span class=\"text\">PANEL: Aprendizaje-servicio solidario en contextos de vulnerabilidad social.Modera: Luz Avruj (CLAYSS).<\/span><\/div>\n<a href=\"https:\/\/www.clayss.org.ar\/seminario\/anteriores\/20_sem_materiales_17\/J24-t_02_Dos%20Santos.pdf\" target=\"_blank\" class=\"button alert is-link is-small lowercase\" rel=\"noopener\" >\n\t\t<span><\/span>\n\t<\/a>\n\n<a href=\"https:\/\/www.clayss.org.ar\/seminario\/anteriores\/20_sem_materiales_17\/J24-t_02_Sanchez.pdf\" target=\"_blank\" class=\"button alert is-link is-small lowercase\" rel=\"noopener\" >\n\t\t<span>Alejandro Cristian S\u00e1nchez Kussulis y Mar\u00eda Cristina Perrachione Castro, Escuela T\u00e9cnica Pedro Viale Blanes, Mercedes, Soriano, Uruguay.<\/span>\n\t<\/a>\n\n<a href=\"https:\/\/www.clayss.org.ar\/seminario\/anteriores\/20_sem_materiales_17\/J24-t_02_Fernandez.pdf\" target=\"_blank\" class=\"button alert is-link is-small lowercase\" rel=\"noopener\" >\n\t\t<span>H\u00e9ctor Manuel Fern\u00e1ndez, Colegio San Jos\u00e9 Obrero, Neuqu\u00e9n.<\/span>\n\t<\/a>\n\n<a href=\"https:\/\/www.clayss.org.ar\/seminario\/anteriores\/20_sem_materiales_17\/J24-t_02_Bonta.pdf\" target=\"_blank\" class=\"button alert is-link is-small lowercase\" rel=\"noopener\" >\n\t\t<span>Pilar Bont\u00e1, Universidad de Las Am\u00e9ricas, Chile.<\/span>\n\t<\/a>\n\n<div class=\"bullet-item\" title=\"\"><span class=\"text\">PANEL: Aprendizaje-servicio solidario y cuidado del ambiente. Modera: Jorge Sosa (CLAYSS).<\/span><\/div>\n<a href=\"https:\/\/www.clayss.org.ar\/seminario\/anteriores\/20_sem_materiales_17\/J24-t_03_Bertossi.pdf\" target=\"_blank\" class=\"button alert is-link is-small lowercase\" rel=\"noopener\" >\n\t\t<span><\/span>\n\t<\/a>\n\n<a href=\"https:\/\/www.clayss.org.ar\/seminario\/anteriores\/20_sem_materiales_17\/J24-t_03_Grafion.pdf\" target=\"_blank\" class=\"button alert is-link is-small lowercase\" rel=\"noopener\" >\n\t\t<span><\/span>\n\t<\/a>\n\n<a href=\"https:\/\/www.clayss.org.ar\/seminario\/anteriores\/20_sem_materiales_17\/J24-t_03_Moschetto.pdf\" target=\"_blank\" class=\"button alert is-link is-small lowercase\" rel=\"noopener\" >\n\t\t<span>Alejandro Moschetto, Facultad de Ingenier\u00eda, Universidad Cat\u00f3lica Argentina.<\/span>\n\t<\/a>\n\n<div class=\"bullet-item\" title=\"\"><span class=\"text\">PANEL: Aprendizaje-servicio solidario y ciencias de la salud. Modera: Marcela Mart\u00ednez Vivot (CLAYSS).<\/span><\/div>\n<a href=\"https:\/\/www.clayss.org.ar\/seminario\/anteriores\/20_sem_materiales_17\/J24-t_04_Doria_01.pdf\" target=\"_blank\" class=\"button alert is-link is-small lowercase\" rel=\"noopener\" >\n\t\t<span>Mirta In\u00e9s Doria, Escuela P\u00fablica de Gesti\u00f3n Comunitaria Interculutral Biling\u00fce N\u00aa1, Resistencia, Chaco. (1\/2)<\/span>\n\t<\/a>\n\n<a href=\"https:\/\/www.clayss.org.ar\/seminario\/anteriores\/20_sem_materiales_17\/J24-t_04_Doria_02.pdf\" target=\"_blank\" class=\"button alert is-link is-small lowercase\" rel=\"noopener\" >\n\t\t<span>Mirta In\u00e9s Doria, Escuela P\u00fablica de Gesti\u00f3n Comunitaria Interculutral Biling\u00fce N\u00aa1, Resistencia, Chaco. (2\/2)<\/span>\n\t<\/a>\n\n<a href=\"https:\/\/www.clayss.org.ar\/seminario\/anteriores\/20_sem_materiales_17\/J24-t_04_Abreu.pdf\" target=\"_blank\" class=\"button alert is-link is-small lowercase\" rel=\"noopener\" >\n\t\t<span>Luc\u00eda Abreu y Marcela Martinez Vivot, Facultad de Ciencias Veterinarias, Universidad De Buenos Aires.<\/span>\n\t<\/a>\n\n<a href=\"https:\/\/www.clayss.org.ar\/seminario\/anteriores\/20_sem_materiales_17\/J24-t_04_Casamayou.pdf\" target=\"_blank\" class=\"button alert is-link is-small lowercase\" rel=\"noopener\" >\n\t\t<span>Ra\u00fal Casamayou, Facultad de Odontolog\u00eda, Universidad Cat\u00f3lica del Uruguay.<\/span>\n\t<\/a>\n\n<div class=\"bullet-item\" title=\"\"><span class=\"text\">PANEL: Aprendizaje-servicio solidario, ciencia y tecnolog\u00eda. Modera: Alejandro Gimelli (CLAYSS).<\/span><\/div>\n<a href=\"https:\/\/www.clayss.org.ar\/seminario\/anteriores\/20_sem_materiales_17\/J24-t_05_Rostagno.pdf\" target=\"_blank\" class=\"button alert is-link is-small lowercase\" rel=\"noopener\" >\n\t\t<span>Pedro Pablo Rostagno, Escuela Media de Taco Ralo, Tucum\u00e1n.<\/span>\n\t<\/a>\n\n<a href=\"https:\/\/www.clayss.org.ar\/seminario\/anteriores\/20_sem_materiales_17\/J24-t_05_Serrano.pdf\" target=\"_blank\" class=\"button alert is-link is-small lowercase\" rel=\"noopener\" >\n\t\t<span>Carolina Serrano, Facultad de Ciencias Biol\u00f3gicas, Universidad Cat\u00f3lica de Chile.<\/span>\n\t<\/a>\n\n<a href=\"https:\/\/www.clayss.org.ar\/seminario\/anteriores\/20_sem_materiales_17\/J24-t_05_Urso.pdf\" target=\"_blank\" class=\"button alert is-link is-small lowercase\" rel=\"noopener\" >\n\t\t<span><\/span>\n\t<\/a>\n\n<a href=\"https:\/\/www.clayss.org.ar\/seminario\/anteriores\/20_sem_materiales_17\/J24-t_05_Cornejo.pdf\" target=\"_blank\" class=\"button alert is-link is-small lowercase\" rel=\"noopener\" >\n\t\t<span>Jorge Cornejo Elgueta, Facultad de Ingenier\u00eda Universidad Central de Chile.<\/span>\n\t<\/a>\n\n<div class=\"bullet-item\" title=\"\"><span class=\"text\">PANEL: Aprendizaje-servicio solidario en el campo de las Ciencias Sociales y la formaci\u00f3n para la ciudadan\u00eda activa. Modera: Diego Manrique (CLAYSS).<\/span><\/div>\n<a href=\"https:\/\/www.clayss.org.ar\/seminario\/anteriores\/20_sem_materiales_17\/J24-t_06_Giordano.pdf\" target=\"_blank\" class=\"button alert is-link is-small lowercase\" rel=\"noopener\" >\n\t\t<span><\/span>\n\t<\/a>\n\n<a href=\"https:\/\/www.clayss.org.ar\/seminario\/anteriores\/20_sem_materiales_17\/J24-t_06_Ayala.pdf\" target=\"_blank\" class=\"button alert is-link is-small lowercase\" rel=\"noopener\" >\n\t\t<span>Mar\u00eda de los \u00c1ngeles Ayala, C.E.M. N\u00b0 11 \u201cPresb\u00edtero Ra\u00fal Entraigas\u201d, Villa Regina, R\u00edo Negro.<\/span>\n\t<\/a>\n\n<a href=\"https:\/\/www.clayss.org.ar\/seminario\/anteriores\/20_sem_materiales_17\/J24-t_06_Greni.pdf\" target=\"_blank\" class=\"button alert is-link is-small lowercase\" rel=\"noopener\" >\n\t\t<span>Dar\u00edo Greni, Escuela Rural N\u00ba 88, Las Violetas, Canelones, Uruguay.<\/span>\n\t<\/a>\n\n<div class=\"bullet-item\" title=\"\"><span class=\"text\">TALLER: Aprendizaje-servicio solidario en el campo de la Comunicaci\u00f3n, las Artes y el Dise\u00f1o.Modera: Pablo Buj\u00e1n (CLAYSS).<\/span><\/div>\n<a href=\"https:\/\/www.clayss.org.ar\/seminario\/anteriores\/20_sem_materiales_17\/J24-t_07_Santander.pdf\" target=\"_blank\" class=\"button alert is-link is-small lowercase\" rel=\"noopener\" >\n\t\t<span><\/span>\n\t<\/a>\n\n<a href=\"https:\/\/www.clayss.org.ar\/seminario\/anteriores\/20_sem_materiales_17\/J24-t_07_Adanto.pdf\" target=\"_blank\" class=\"button alert is-link is-small lowercase\" rel=\"noopener\" >\n\t\t<span><\/span>\n\t<\/a>\n\n<a href=\"https:\/\/www.clayss.org.ar\/seminario\/anteriores\/20_sem_materiales_17\/J24-t_07_Vasallo.pdf\" target=\"_blank\" class=\"button alert is-link is-small lowercase\" rel=\"noopener\" >\n\t\t<span>Mar\u00eda Sof\u00eda Vassallo, Universidad Nacional de las Artes. \u00c1rea Transdepartamental de Cr\u00edtica de Artes, Ciudad de Buenos Aires.<\/span>\n\t<\/a>\n\n<a class=\"button alert is-link is-small lowercase\" >\n\t\t<span><\/span>\n\t<\/a>\n\n    <\/div>\n      <\/div>\n<\/div>\n\n\n\t\t<\/div>\n\t\t\t\t\t<\/div>\n\n\t\n\n\t<div id=\"col-2003035812\" class=\"col medium-6 small-12 large-6\"  >\n\t\t\t\t<div class=\"col-inner\"  >\n\t\t\t\n\t\t\t\n<div class=\"pricing-table-wrapper\">\n  <div class=\"pricing-table ux_price_table text-center box-shadow-3-hover\">\n    <div class=\"pricing-table-header\">\n      <div class=\"title uppercase strong\">VIERNES<\/div>\n      <div class=\"price is-xxlarge\">25 de Agosto<\/div>\n          <\/div>\n    <div class=\"pricing-table-items items\">\n      \n<div class=\"bullet-item\" title=\"\"><span class=\"text\">PLENARIO: Experiencias ganadoras del Premio Presidencial \u201cEscuelas Solidarias\u201d 2016 de Argentina y del Concurso \u201cEducaci\u00f3n Solidaria\u201d de Uruguay. Modera: Ignacio Hernaiz, Director de la Oficina OEI- Mercosur en Uruguay<\/span><\/div>\n<a href=\"https:\/\/www.clayss.org.ar\/seminario\/anteriores\/20_sem_materiales_17\/V25-m_FPB_Aeroparque.pdf\" target=\"_blank\" class=\"button alert is-link is-small lowercase\" rel=\"noopener\" >\n\t\t<span>Mariela Bruzzese y Mar\u00eda P\u00eda Folle Piriz, FPB Comunitario Aeroparque, Canelones, Uruguay.<\/span>\n\t<\/a>\n\n<a href=\"https:\/\/www.clayss.org.ar\/seminario\/anteriores\/20_sem_materiales_17\/V25-m_Keegan.pdf\" target=\"_blank\" class=\"button alert is-link is-small lowercase\" rel=\"noopener\" >\n\t\t<span><\/span>\n\t<\/a>\n\n<a href=\"https:\/\/www.clayss.org.ar\/seminario\/anteriores\/20_sem_materiales_17\/V25-m_EFP_Aurora.pdf\" target=\"_blank\" class=\"button alert is-link is-small lowercase\" rel=\"noopener\" >\n\t\t<span>Guido Rolando Goussal, Escuela de Formaci\u00f3n Profesional de Colonia la Aurora, Dpto. Gral. San Mart\u00edn, Chaco.<\/span>\n\t<\/a>\n\n<div class=\"bullet-item\" title=\"\"><span class=\"text\">PLENARIO: C\u00f3mo se extienden las redes del aprendizaje-servicio en el mundo.<\/span><\/div>\n<a href=\"https:\/\/www.clayss.org.ar\/seminario\/anteriores\/20_sem_materiales_17\/V25-m_Redes_Ochoa.pdf\" target=\"_blank\" class=\"button alert is-link is-small lowercase\" rel=\"noopener\" >\n\t\t<span>Modera: Enrique Ochoa, Director Ejecutivo, CLAYSS.<\/span>\n\t<\/a>\n\n<a href=\"https:\/\/www.youtube.com\/playlist?list=PLOHLq86FFE84uKOoY8dNAnNszs6kIqMds\" target=\"_blank\" class=\"button alert is-link is-small lowercase\" rel=\"noopener\" >\n\t\t<span>Roser Batlle, Red espa\u00f1ola de aprendizaje-servicio; Amy Meuers, National Youth Leadership Council, EEUU; Alzbeta Brozmanova Gregorova, Universidad Matej Bel, Banska Bystrica, Eslovaquia; Natacha Pino, REASE, Red chilena de aprendizaje-servicio.(video)<\/span>\n\t<\/a>\n\n<a href=\"https:\/\/www.clayss.org.ar\/seminario\/anteriores\/20_sem_materiales_17\/V25-m_Redes_Rease.pdf\" target=\"_blank\" class=\"button alert is-link is-small lowercase\" rel=\"noopener\" >\n\t\t<span>Natacha Pino, REASE, Red chilena de aprendizaje-servicio.<\/span>\n\t<\/a>\n\n<div class=\"bullet-item\" title=\"\"><span class=\"text\">SESIONES SIMULT\u00c1NEAS PARA ESCUELAS, UNIVERSIDADES Y ORGANIZACIONES<\/span><\/div>\n<div class=\"bullet-item\" title=\"\"><span class=\"text\">TALLER: Espacio de consulta e intercambio entre pares: El itinerario de los proyectos de aprendizaje-servicio en la experiencia latinoamericana. Coordinan: Lilian Medina y Mar\u00eda del Carmen Trincado (CLAYSS).<\/span><\/div>\n<a href=\"https:\/\/www.clayss.org.ar\/seminario\/anteriores\/20_sem_materiales_17\/V25-t_09_parataller.pdf\" target=\"_blank\" class=\"button alert is-link is-small lowercase\" rel=\"noopener\" >\n\t\t<span>Invitado: Juan Henriquez Pe\u00f1ailillo, Universidad Cat\u00f3lica Silva Henriquez, Chile.<\/span>\n\t<\/a>\n\n<div class=\"bullet-item\" title=\"\"><span class=\"text\">PANEL: Aprendizaje-servicio solidario en el nivel Inicial y la escuela primaria. Modera: Adriana Hern\u00e1ndez (CLAYSS).<\/span><\/div>\n<a href=\"https:\/\/www.clayss.org.ar\/seminario\/anteriores\/20_sem_materiales_17\/V25-t_10_cangrejillos.pdf\" target=\"_blank\" class=\"button alert is-link is-small lowercase\" rel=\"noopener\" >\n\t\t<span><\/span>\n\t<\/a>\n\n<a href=\"https:\/\/www.clayss.org.ar\/seminario\/anteriores\/20_sem_materiales_17\/V25-t_10_quijanomartha.pdf\" target=\"_blank\" class=\"button alert is-link is-small lowercase\" rel=\"noopener\" >\n\t\t<span>Marta Quijano, Jard\u00edn de Infantes N\u00ba 138, Paso de los Toros, Tacuaremb\u00f3, Uruguay.<\/span>\n\t<\/a>\n\n<div class=\"bullet-item\" title=\"\"><span class=\"text\">PANEL: Institucionalizaci\u00f3n del aprendizaje-servicio solidario en la escuela secundaria.<\/span><\/div>\n<a href=\"https:\/\/www.clayss.org.ar\/seminario\/anteriores\/20_sem_materiales_17\/V25-t_11_panel.pdf\" target=\"_blank\" class=\"button alert is-link is-small lowercase\" rel=\"noopener\" >\n\t\t<span>Modera: Mart\u00edn Ierullo (CLAYSS).<\/span>\n\t<\/a>\n\n<a href=\"https:\/\/www.clayss.org.ar\/seminario\/anteriores\/21_sem_materiales_18\/v24-t-taller15-jmestrada.pdf\" target=\"_blank\" class=\"button alert is-link is-small lowercase\" rel=\"noopener\" >\n\t\t<span><\/span>\n\t<\/a>\n\n<a href=\"https:\/\/www.clayss.org.ar\/seminario\/anteriores\/20_sem_materiales_17\/V25-t_11_demiguel.pdf\" target=\"_blank\" class=\"button alert is-link is-small lowercase\" rel=\"noopener\" >\n\t\t<span><\/span>\n\t<\/a>\n\n<a href=\"https:\/\/www.clayss.org.ar\/seminario\/anteriores\/20_sem_materiales_17\/V25-t_11_MASSONI.pdf\" target=\"_blank\" class=\"button alert is-link is-small lowercase\" rel=\"noopener\" >\n\t\t<span>Paula. Lourdes Massoni, Escuela n\u00b0 4-084 \u201cLibertador Sim\u00f3n Bol\u00edvar\u201d, Gral. San Mart\u00edn, Mendoza.<\/span>\n\t<\/a>\n\n<a href=\"https:\/\/www.clayss.org.ar\/seminario\/anteriores\/20_sem_materiales_17\/V25-t_11_Teran.pdf\" target=\"_blank\" class=\"button alert is-link is-small lowercase\" rel=\"noopener\" >\n\t\t<span>Enrique Ter\u00e1n, Colegio Pablo Ap\u00f3stol, Yerba Buena, Tucum\u00e1n.<\/span>\n\t<\/a>\n\n<a href=\"https:\/\/www.clayss.org.ar\/seminario\/anteriores\/20_sem_materiales_17\/V25-t_11_Riechert.pdf\" target=\"_blank\" class=\"button alert is-link is-small lowercase\" rel=\"noopener\" >\n\t\t<span>Azucena Astrid Riechert, Escuela T\u00e9cnica de Gesti\u00f3n Social Neuhen Peum\u00e1n; San Carlos de Bariloche.<\/span>\n\t<\/a>\n\n<div class=\"bullet-item\" title=\"\"><span class=\"text\">PANEL: Aprendizaje-servicio solidario y formaci\u00f3n docente. Modera: Gabriela Malacrida (CLAYSS).<\/span><\/div>\n<a href=\"https:\/\/www.clayss.org.ar\/seminario\/anteriores\/20_sem_materiales_17\/V25-t_12_LIMBERGER.pdf\" target=\"_blank\" class=\"button alert is-link is-small lowercase\" rel=\"noopener\" >\n\t\t<span>Celso Limberger, ISFD Ciencias agrarias y Protecci\u00f3n ambiental, Capiov\u00ed, Misiones<\/span>\n\t<\/a>\n\n<a href=\"https:\/\/www.clayss.org.ar\/seminario\/anteriores\/20_sem_materiales_17\/V25-t_12_fontenla.pdf\" target=\"_blank\" class=\"button alert is-link is-small lowercase\" rel=\"noopener\" >\n\t\t<span>Patricia Enciso, Escuela Municipal de Danzas Norma Fontenla, Mar del Plata, Prov. de Bs.As.<\/span>\n\t<\/a>\n\n<a href=\"https:\/\/www.clayss.org.ar\/seminario\/anteriores\/20_sem_materiales_17\/V25-t_12_CARRASCO.pdf\" target=\"_blank\" class=\"button alert is-link is-small lowercase\" rel=\"noopener\" >\n\t\t<span>Valia Carrasco Parra, Universidad Santo Tom\u00e1s, Chile<\/span>\n\t<\/a>\n\n<a href=\"https:\/\/www.clayss.org.ar\/seminario\/anteriores\/20_sem_materiales_17\/V25-t_12_mora.pdf\" target=\"_blank\" class=\"button alert is-link is-small lowercase\" rel=\"noopener\" >\n\t\t<span>Claudia Mora, Pontificia Universidad Javeriana de Cali, Colombia.<\/span>\n\t<\/a>\n\n<div class=\"bullet-item\" title=\"\"><span class=\"text\">Responsabilidad social, compromiso universitario y aprendizaje-servicio solidario en la Educaci\u00f3n Superior. Modera: Alejandra Herrero (CLAYSS).<\/span><\/div>\n<a href=\"https:\/\/www.clayss.org.ar\/seminario\/anteriores\/20_sem_materiales_17\/V25-t_13_Garcia.pdf\" target=\"_blank\" class=\"button alert is-link is-small lowercase\" rel=\"noopener\" >\n\t\t<span>Oscar Garc\u00eda, Universidad de Buenos Aires<\/span>\n\t<\/a>\n\n<a href=\"https:\/\/www.clayss.org.ar\/seminario\/anteriores\/20_sem_materiales_17\/V25-t_13_Vallaeys.pdf\" target=\"_blank\" class=\"button alert is-link is-small lowercase\" rel=\"noopener\" >\n\t\t<span>Fran\u00e7ois Vallaeys, Universidad del Pac\u00edfico, Per\u00fa<\/span>\n\t<\/a>\n\n<a href=\"https:\/\/www.clayss.org.ar\/seminario\/anteriores\/20_sem_materiales_17\/V25-t_13_Puglisi.pdf\" target=\"_blank\" class=\"button alert is-link is-small lowercase\" rel=\"noopener\" >\n\t\t<span>Sebasti\u00e1n Puglisi, UNMdP-CLAYSS.<\/span>\n\t<\/a>\n\n<div class=\"bullet-item\" title=\"\"><span class=\"text\">PANEL: Las organizaciones sociales como espacios de aprendizaje solidario. Coordina: Catalina Th\u00f6lke (CLAYSS Uruguay).<\/span><\/div>\n<a href=\"https:\/\/www.clayss.org.ar\/seminario\/anteriores\/20_sem_materiales_17\/V25-t_15_Iribarne.pdf\" target=\"_blank\" class=\"button alert is-link is-small lowercase\" rel=\"noopener\" >\n\t\t<span>Florencia Iribarne, Am\u00e9rica Solidaria<\/span>\n\t<\/a>\n\n<a href=\"https:\/\/www.clayss.org.ar\/seminario\/anteriores\/20_sem_materiales_17\/V25-t_15_Rubio.pdf\" target=\"_blank\" class=\"button alert is-link is-small lowercase\" rel=\"noopener\" >\n\t\t<span>Laura Rubio, Universidad de Barcelona<\/span>\n\t<\/a>\n\n<a href=\"https:\/\/www.clayss.org.ar\/seminario\/anteriores\/20_sem_materiales_17\/V25-t_15_Ferreira.pdf\" target=\"_blank\" class=\"button alert is-link is-small lowercase\" rel=\"noopener\" >\n\t\t<span>Laura Fernando Francisco Ferreyra Rodr\u00edguez, El Abrojo, Uruguay , Universidad de Barcelona<\/span>\n\t<\/a>\n\n    <\/div>\n      <\/div>\n<\/div>\n\n\n\t\t<\/div>\n\t\t\t\t\t<\/div>\n\n\t\n<\/div>\n<div class=\"video video-fit mb\" style=\"padding-top:56.25%;\"><p><iframe loading=\"lazy\" title=\"Innovaci\u00f3n y tradici\u00f3n educativa en Am\u00e9rica Latina y el mundo - Parte 1\" width=\"1020\" height=\"574\" src=\"https:\/\/www.youtube.com\/embed\/MtE_HV4ef6Q?feature=oembed\" frameborder=\"0\" allow=\"accelerometer; autoplay; clipboard-write; encrypted-media; gyroscope; picture-in-picture; web-share\" referrerpolicy=\"strict-origin-when-cross-origin\" allowfullscreen><\/iframe><\/p>\n<\/div>\n\t\t<\/div>\n\t\t\t\t\n<style>\n#col-909546402 > .col-inner {\n  padding: 60px 0px 0px 0px;\n}\n<\/style>\n\t<\/div>\n\n\t\n<\/div>\n","protected":false},"excerpt":{"rendered":"","protected":false},"author":4,"featured_media":0,"parent":0,"menu_order":0,"comment_status":"closed","ping_status":"closed","template":"page-blank.php","meta":{"_monsterinsights_skip_tracking":false,"_monsterinsights_sitenote_active":false,"_monsterinsights_sitenote_note":"","_monsterinsights_sitenote_category":0,"iawp_total_views":12,"footnotes":""},"class_list":["post-5070","page","type-page","status-publish","hentry"],"yoast_head":"<!-- This site is optimized with the Yoast SEO plugin v27.5 - https:\/\/yoast.com\/product\/yoast-seo-wordpress\/ -->\n<title>materials 20 th - CLAYSS<\/title>\n<meta name=\"robots\" content=\"index, follow, max-snippet:-1, max-image-preview:large, max-video-preview:-1\" \/>\n<link rel=\"canonical\" href=\"https:\/\/www.clayss.org\/en\/materials-20-th\/\" \/>\n<meta property=\"og:locale\" content=\"en_US\" \/>\n<meta property=\"og:type\" content=\"article\" \/>\n<meta property=\"og:title\" content=\"materials 20 th - CLAYSS\" \/>\n<meta property=\"og:url\" content=\"https:\/\/www.clayss.org\/en\/materials-20-th\/\" \/>\n<meta property=\"og:site_name\" content=\"CLAYSS\" \/>\n<meta property=\"article:modified_time\" content=\"2024-07-25T05:49:07+00:00\" \/>\n<meta name=\"twitter:card\" content=\"summary_large_image\" \/>\n<meta name=\"twitter:label1\" content=\"Est. reading time\" \/>\n\t<meta name=\"twitter:data1\" content=\"6 minutes\" \/>\n<script type=\"application\/ld+json\" class=\"yoast-schema-graph\">{\"@context\":\"https:\\\/\\\/schema.org\",\"@graph\":[{\"@type\":\"WebPage\",\"@id\":\"https:\\\/\\\/www.clayss.org\\\/en\\\/materials-20-th\\\/\",\"url\":\"https:\\\/\\\/www.clayss.org\\\/en\\\/materials-20-th\\\/\",\"name\":\"materials 20 th - CLAYSS\",\"isPartOf\":{\"@id\":\"https:\\\/\\\/www.clayss.org\\\/#website\"},\"datePublished\":\"2024-06-05T16:30:05+00:00\",\"dateModified\":\"2024-07-25T05:49:07+00:00\",\"breadcrumb\":{\"@id\":\"https:\\\/\\\/www.clayss.org\\\/en\\\/materials-20-th\\\/#breadcrumb\"},\"inLanguage\":\"en-US\",\"potentialAction\":[{\"@type\":\"ReadAction\",\"target\":[\"https:\\\/\\\/www.clayss.org\\\/en\\\/materials-20-th\\\/\"]}]},{\"@type\":\"BreadcrumbList\",\"@id\":\"https:\\\/\\\/www.clayss.org\\\/en\\\/materials-20-th\\\/#breadcrumb\",\"itemListElement\":[{\"@type\":\"ListItem\",\"position\":1,\"name\":\"Portada\",\"item\":\"https:\\\/\\\/www.clayss.org\\\/en\\\/\"},{\"@type\":\"ListItem\",\"position\":2,\"name\":\"materials 20 th\"}]},{\"@type\":\"WebSite\",\"@id\":\"https:\\\/\\\/www.clayss.org\\\/#website\",\"url\":\"https:\\\/\\\/www.clayss.org\\\/\",\"name\":\"CLAYSS\",\"description\":\"\",\"potentialAction\":[{\"@type\":\"SearchAction\",\"target\":{\"@type\":\"EntryPoint\",\"urlTemplate\":\"https:\\\/\\\/www.clayss.org\\\/?s={search_term_string}\"},\"query-input\":{\"@type\":\"PropertyValueSpecification\",\"valueRequired\":true,\"valueName\":\"search_term_string\"}}],\"inLanguage\":\"en-US\"}]}<\/script>\n<!-- \/ Yoast SEO plugin. -->","yoast_head_json":{"title":"materials 20 th - CLAYSS","robots":{"index":"index","follow":"follow","max-snippet":"max-snippet:-1","max-image-preview":"max-image-preview:large","max-video-preview":"max-video-preview:-1"},"canonical":"https:\/\/www.clayss.org\/en\/materials-20-th\/","og_locale":"en_US","og_type":"article","og_title":"materials 20 th - CLAYSS","og_url":"https:\/\/www.clayss.org\/en\/materials-20-th\/","og_site_name":"CLAYSS","article_modified_time":"2024-07-25T05:49:07+00:00","twitter_card":"summary_large_image","twitter_misc":{"Est. reading time":"6 minutes"},"schema":{"@context":"https:\/\/schema.org","@graph":[{"@type":"WebPage","@id":"https:\/\/www.clayss.org\/en\/materials-20-th\/","url":"https:\/\/www.clayss.org\/en\/materials-20-th\/","name":"materials 20 th - CLAYSS","isPartOf":{"@id":"https:\/\/www.clayss.org\/#website"},"datePublished":"2024-06-05T16:30:05+00:00","dateModified":"2024-07-25T05:49:07+00:00","breadcrumb":{"@id":"https:\/\/www.clayss.org\/en\/materials-20-th\/#breadcrumb"},"inLanguage":"en-US","potentialAction":[{"@type":"ReadAction","target":["https:\/\/www.clayss.org\/en\/materials-20-th\/"]}]},{"@type":"BreadcrumbList","@id":"https:\/\/www.clayss.org\/en\/materials-20-th\/#breadcrumb","itemListElement":[{"@type":"ListItem","position":1,"name":"Portada","item":"https:\/\/www.clayss.org\/en\/"},{"@type":"ListItem","position":2,"name":"materials 20 th"}]},{"@type":"WebSite","@id":"https:\/\/www.clayss.org\/#website","url":"https:\/\/www.clayss.org\/","name":"CLAYSS","description":"","potentialAction":[{"@type":"SearchAction","target":{"@type":"EntryPoint","urlTemplate":"https:\/\/www.clayss.org\/?s={search_term_string}"},"query-input":{"@type":"PropertyValueSpecification","valueRequired":true,"valueName":"search_term_string"}}],"inLanguage":"en-US"}]}},"_links":{"self":[{"href":"https:\/\/www.clayss.org\/en\/wp-json\/wp\/v2\/pages\/5070","targetHints":{"allow":["GET"]}}],"collection":[{"href":"https:\/\/www.clayss.org\/en\/wp-json\/wp\/v2\/pages"}],"about":[{"href":"https:\/\/www.clayss.org\/en\/wp-json\/wp\/v2\/types\/page"}],"author":[{"embeddable":true,"href":"https:\/\/www.clayss.org\/en\/wp-json\/wp\/v2\/users\/4"}],"replies":[{"embeddable":true,"href":"https:\/\/www.clayss.org\/en\/wp-json\/wp\/v2\/comments?post=5070"}],"version-history":[{"count":2,"href":"https:\/\/www.clayss.org\/en\/wp-json\/wp\/v2\/pages\/5070\/revisions"}],"predecessor-version":[{"id":5072,"href":"https:\/\/www.clayss.org\/en\/wp-json\/wp\/v2\/pages\/5070\/revisions\/5072"}],"wp:attachment":[{"href":"https:\/\/www.clayss.org\/en\/wp-json\/wp\/v2\/media?parent=5070"}],"curies":[{"name":"wp","href":"https:\/\/api.w.org\/{rel}","templated":true}]}}